{"id":611,"date":"2018-03-28T16:17:06","date_gmt":"2018-03-28T15:17:06","guid":{"rendered":"http:\/\/www.cuem.info\/?page_id=611"},"modified":"2018-06-27T10:44:27","modified_gmt":"2018-06-27T09:44:27","slug":"lhistoire-sous-influence-a-lecole-et-a-luniversite-par-joelle-fontaine-gisele-jamet-et-annie-lacroix-riz","status":"publish","type":"page","link":"https:\/\/www.cuem.info\/?page_id=611","title":{"rendered":"15\/3\/2018 &#8211; Jo\u00eblle FONTAINE, Gis\u00e8le JAMET et Annie LACROIX-RIZ&nbsp;:<br><b>L\u2019Histoire sous influence \u00e0 l\u2019\u00e9cole et \u00e0 l\u2019Universit\u00e9<\/b>"},"content":{"rendered":"<p><iframe loading=\"lazy\" src=\"https:\/\/player.vimeo.com\/video\/260717802?title=0&amp;portrait=0\" width=\"640\" height=\"360\" frameborder=\"0\" allowfullscreen=\"allowfullscreen\"><\/iframe><\/p>\n<p><a href=\"https:\/\/vimeo.com\/260717802\">\u00ab\u00a0L\u2019Histoire sous influence \u00e0 l\u2019\u00e9cole et \u00e0 l\u2019Universit\u00e9\u00a0\u00bb, par Jo\u00eblle Fontaine, Gis\u00e8le Jamet, et Annie Lacroix-Riz<\/a> from <a href=\"https:\/\/vimeo.com\/user4868631\">Les Films de l&rsquo;An 2<\/a> on <a href=\"https:\/\/vimeo.com\">Vimeo<\/a>.<\/p>\n<p>Jo\u00eblle Fontaine et Gis\u00e8le Jamet, ont publi\u00e9 r\u00e9cemment Enseignement de l\u2019histoire, enjeux, controverses autour de la question du fascisme, Adapt-\u00e9ditions, 2016, sur la base de leur exp\u00e9rience d\u2019enseignantes en coll\u00e8ge et lyc\u00e9e.<br \/>\nJo\u00eblle Fontaine travaille par ailleurs sur la Gr\u00e8ce et a publi\u00e9 entre autres De la r\u00e9sistance \u00e0 la guerre civile en Gr\u00e8ce. 1941-1946, \u00e9ditions La Fabrique, 2012.<br \/>\nAnnie Lacroix-Riz, professeur \u00e9m\u00e9rite d\u2019histoire contemporaine \u00e0 l\u2019Universit\u00e9 Paris VII, a publi\u00e9 r\u00e9cemment chez Armand Colin : Les \u00e9lites fran\u00e7aises entre 1900 et 1940, de la collaboration avec l\u2019Allemagne \u00e0 l\u2019alliance am\u00e9ricaine, 2016 ; chez Delga-Le Temps des cerises : L\u2019histoire contemporaine toujours sous influence, 2012.<\/p>\n<p>Conf\u00e9rence du Cercle Universitaire d\u2019\u00c9tudes Marxistes (CUEM)<br \/>\nen collaboration avec les \u00c9DITIONS DELGA<\/p>\n<p>Paris, le jeudi 15 mars 2018<\/p>\n","protected":false},"excerpt":{"rendered":"<p>\u00ab\u00a0L\u2019Histoire sous influence \u00e0 l\u2019\u00e9cole et \u00e0 l\u2019Universit\u00e9\u00a0\u00bb, par Jo\u00eblle Fontaine, Gis\u00e8le Jamet, et Annie Lacroix-Riz from Les Films de l&rsquo;An 2 on Vimeo. Jo\u00eblle Fontaine et Gis\u00e8le Jamet, ont publi\u00e9 r\u00e9cemment Enseignement de l\u2019histoire, enjeux, controverses autour de la question du fascisme, Adapt-\u00e9ditions, 2016, sur la base de leur exp\u00e9rience d\u2019enseignantes en coll\u00e8ge et &hellip; <a href=\"https:\/\/www.cuem.info\/?page_id=611\" class=\"more-link\">Continuer la lecture de <span class=\"screen-reader-text\">15\/3\/2018 &#8211; Jo\u00eblle FONTAINE, Gis\u00e8le JAMET et Annie LACROIX-RIZ&nbsp;:<br \/><b>L\u2019Histoire sous influence \u00e0 l\u2019\u00e9cole et \u00e0 l\u2019Universit\u00e9<\/b><\/span>  <span class=\"meta-nav\">&rarr;<\/span><\/a><\/p>\n","protected":false},"author":1,"featured_media":0,"parent":612,"menu_order":60,"comment_status":"closed","ping_status":"closed","template":"","meta":[],"_links":{"self":[{"href":"https:\/\/www.cuem.info\/index.php?rest_route=\/wp\/v2\/pages\/611"}],"collection":[{"href":"https:\/\/www.cuem.info\/index.php?rest_route=\/wp\/v2\/pages"}],"about":[{"href":"https:\/\/www.cuem.info\/index.php?rest_route=\/wp\/v2\/types\/page"}],"author":[{"embeddable":true,"href":"https:\/\/www.cuem.info\/index.php?rest_route=\/wp\/v2\/users\/1"}],"replies":[{"embeddable":true,"href":"https:\/\/www.cuem.info\/index.php?rest_route=%2Fwp%2Fv2%2Fcomments&post=611"}],"version-history":[{"count":7,"href":"https:\/\/www.cuem.info\/index.php?rest_route=\/wp\/v2\/pages\/611\/revisions"}],"predecessor-version":[{"id":758,"href":"https:\/\/www.cuem.info\/index.php?rest_route=\/wp\/v2\/pages\/611\/revisions\/758"}],"up":[{"embeddable":true,"href":"https:\/\/www.cuem.info\/index.php?rest_route=\/wp\/v2\/pages\/612"}],"wp:attachment":[{"href":"https:\/\/www.cuem.info\/index.php?rest_route=%2Fwp%2Fv2%2Fmedia&parent=611"}],"curies":[{"name":"wp","href":"https:\/\/api.w.org\/{rel}","templated":true}]}}