{"id":1024,"date":"2019-07-05T17:22:15","date_gmt":"2019-07-05T16:22:15","guid":{"rendered":"http:\/\/www.cuem.info\/?page_id=1024"},"modified":"2020-03-01T10:40:40","modified_gmt":"2020-03-01T09:40:40","slug":"23012020-michel-le-thomasrene-vautier-cineaste-militant-anti-imperialiste-avec-la-projection-du-film-afrique-50","status":"publish","type":"page","link":"http:\/\/www.cuem.info\/?page_id=1024","title":{"rendered":"24\/02\/2020 (nouvelle date) &#8211; Michel LE THOMAS&nbsp;:<br><b>Ren\u00e9 Vautier&nbsp;: cin\u00e9aste, militant anti-imp\u00e9rialiste. Avec la projection du film <em>Afrique 50<\/em><\/b>"},"content":{"rendered":"<p><iframe loading=\"lazy\" style=\"padding: 0\" src=\"https:\/\/player.vimeo.com\/video\/393739160\" width=\"640\" height=\"360\" frameborder=\"0\" allow=\"autoplay; fullscreen\" allowfullscreen><\/iframe><br \/>\n<a href=\"https:\/\/vimeo.com\/393739160\">&quot;Ren&eacute; Vautier, cin&eacute;aste et militant anti-imp&eacute;rialiste&quot;, par Michel Le Thomas<\/a> from <a href=\"https:\/\/vimeo.com\/user4868631\">Les Films de l&#039;An 2<\/a> on <a href=\"https:\/\/vimeo.com\">Vimeo<\/a>.<\/p>\n<p>Nous publions, avec l&rsquo;autorisation des ayants-droit que nous remercions vivement, <a href=\"http:\/\/www.cuem.info\/wp-content\/uploads\/2019\/07\/Lettre-de-Ren\u00e9-Vautier.pdf\"rel=\"\">un des derniers courriers de Ren\u00e9 Vautier<\/a>, \u00e9crit sur son lit d&rsquo;h\u00f4pital.<\/p>\n<p><a href=\"http:\/\/www.cuem.info\/wp-content\/uploads\/2019\/07\/IMGP2543.jpg\" rel=\"attachment wp-att-1080\"><img decoding=\"async\" loading=\"lazy\" src=\"http:\/\/www.cuem.info\/wp-content\/uploads\/2019\/07\/IMGP2543.jpg\" alt=\"IMGP2543\" width=\"4288\" height=\"3216\" class=\"aligncenter size-full wp-image-1080\" srcset=\"http:\/\/www.cuem.info\/wp-content\/uploads\/2019\/07\/IMGP2543.jpg 4288w, http:\/\/www.cuem.info\/wp-content\/uploads\/2019\/07\/IMGP2543-300x225.jpg 300w, http:\/\/www.cuem.info\/wp-content\/uploads\/2019\/07\/IMGP2543-768x576.jpg 768w, http:\/\/www.cuem.info\/wp-content\/uploads\/2019\/07\/IMGP2543-1024x768.jpg 1024w\" sizes=\"(max-width: 4288px) 100vw, 4288px\" \/><\/a>Une des derni\u00e8res photos de Ren\u00e9 Vautier, \u00e0 la F\u00eate de l&rsquo;Humanit\u00e9, avec nos amis de l&rsquo;Association fran\u00e7aise d&rsquo;aide et de solidarit\u00e9 avec les peuples d&rsquo;Afrique (<a href=\"http:\/\/www.afaspa.com\/\" target=\"_blank\">AFASPA<\/a>).<\/p>\n","protected":false},"excerpt":{"rendered":"<p>&quot;Ren&eacute; Vautier, cin&eacute;aste et militant anti-imp&eacute;rialiste&quot;, par Michel Le Thomas from Les Films de l&#039;An 2 on Vimeo. Nous publions, avec l&rsquo;autorisation des ayants-droit que nous remercions vivement, un des derniers courriers de Ren\u00e9 Vautier, \u00e9crit sur son lit d&rsquo;h\u00f4pital. Une des derni\u00e8res photos de Ren\u00e9 Vautier, \u00e0 la F\u00eate de l&rsquo;Humanit\u00e9, avec nos amis &hellip; <a href=\"http:\/\/www.cuem.info\/?page_id=1024\" class=\"more-link\">Continuer la lecture de <span class=\"screen-reader-text\">24\/02\/2020 (nouvelle date) &#8211; Michel LE THOMAS&nbsp;:<br \/><b>Ren\u00e9 Vautier&nbsp;: cin\u00e9aste, militant anti-imp\u00e9rialiste. Avec la projection du film <em>Afrique 50<\/em><\/b><\/span>  <span class=\"meta-nav\">&rarr;<\/span><\/a><\/p>\n","protected":false},"author":1,"featured_media":0,"parent":1013,"menu_order":49,"comment_status":"closed","ping_status":"closed","template":"","meta":[],"_links":{"self":[{"href":"http:\/\/www.cuem.info\/index.php?rest_route=\/wp\/v2\/pages\/1024"}],"collection":[{"href":"http:\/\/www.cuem.info\/index.php?rest_route=\/wp\/v2\/pages"}],"about":[{"href":"http:\/\/www.cuem.info\/index.php?rest_route=\/wp\/v2\/types\/page"}],"author":[{"embeddable":true,"href":"http:\/\/www.cuem.info\/index.php?rest_route=\/wp\/v2\/users\/1"}],"replies":[{"embeddable":true,"href":"http:\/\/www.cuem.info\/index.php?rest_route=%2Fwp%2Fv2%2Fcomments&post=1024"}],"version-history":[{"count":6,"href":"http:\/\/www.cuem.info\/index.php?rest_route=\/wp\/v2\/pages\/1024\/revisions"}],"predecessor-version":[{"id":1082,"href":"http:\/\/www.cuem.info\/index.php?rest_route=\/wp\/v2\/pages\/1024\/revisions\/1082"}],"up":[{"embeddable":true,"href":"http:\/\/www.cuem.info\/index.php?rest_route=\/wp\/v2\/pages\/1013"}],"wp:attachment":[{"href":"http:\/\/www.cuem.info\/index.php?rest_route=%2Fwp%2Fv2%2Fmedia&parent=1024"}],"curies":[{"name":"wp","href":"https:\/\/api.w.org\/{rel}","templated":true}]}}